{"id":23346,"date":"2021-09-14T08:07:41","date_gmt":"2021-09-14T06:07:41","guid":{"rendered":"https:\/\/lavalldecolonya.com\/pernoctes\/"},"modified":"2025-10-24T20:05:50","modified_gmt":"2025-10-24T19:05:50","slug":"pernoctas","status":"publish","type":"page","link":"https:\/\/lavalldecolonya.com\/es\/pernoctas\/","title":{"rendered":"Pernoctas"},"content":{"rendered":"<p>[et_pb_section fb_built=\u00bb1&#8243; _builder_version=\u00bb4.27.4&#8243; _module_preset=\u00bbdefault\u00bb custom_margin=\u00bb-8px||-8px||false|false\u00bb da_disable_devices=\u00bboff|off|off\u00bb global_colors_info=\u00bb{}\u00bb da_is_popup=\u00bboff\u00bb da_exit_intent=\u00bboff\u00bb da_has_close=\u00bbon\u00bb da_alt_close=\u00bboff\u00bb da_dark_close=\u00bboff\u00bb da_not_modal=\u00bbon\u00bb da_is_singular=\u00bboff\u00bb da_with_loader=\u00bboff\u00bb da_has_shadow=\u00bbon\u00bb][et_pb_row _builder_version=\u00bb4.16&#8243; _module_preset=\u00bbdefault\u00bb max_width=\u00bb1920px\u00bb custom_margin=\u00bb-39px|auto||auto||\u00bb animation_style=\u00bbfade\u00bb global_colors_info=\u00bb{}\u00bb][et_pb_column type=\u00bb4_4&#8243; _builder_version=\u00bb4.16&#8243; _module_preset=\u00bbdefault\u00bb global_colors_info=\u00bb{}\u00bb][et_pb_text _builder_version=\u00bb4.27.4&#8243; _module_preset=\u00bbdefault\u00bb text_text_color=\u00bb#825C44&#8243; text_font_size=\u00bb16px\u00bb text_line_height=\u00bb1.6em\u00bb header_font=\u00bb|||on|||||\u00bb header_text_align=\u00bbcenter\u00bb header_text_color=\u00bb#693816&#8243; header_font_size=\u00bb35px\u00bb text_orientation=\u00bbcenter\u00bb custom_margin=\u00bb-13px|||||\u00bb custom_padding=\u00bb0px|||||\u00bb hover_enabled=\u00bb0&#8243; locked=\u00bboff\u00bb global_colors_info=\u00bb{}\u00bb sticky_enabled=\u00bb0&#8243;]<\/p>\n<h1>Pernoctas<\/h1>\n<p>Qu\u00e9date a dormir y despierta con los sonidos de la naturaleza, incluido el canto de nuestro gallo Kiric, en un entorno rural incomparable.<\/p>\n<p>[\/et_pb_text][\/et_pb_column][\/et_pb_row][et_pb_row column_structure=\u00bb1_2,1_2&#8243; _builder_version=\u00bb4.27.4&#8243; _module_preset=\u00bbdefault\u00bb min_height=\u00bb325.3px\u00bb custom_margin=\u00bb||-4px||false|false\u00bb custom_padding=\u00bb27px|||||\u00bb global_colors_info=\u00bb{}\u00bb][et_pb_column type=\u00bb1_2&#8243; _builder_version=\u00bb4.27.4&#8243; _module_preset=\u00bbdefault\u00bb custom_padding=\u00bb0px||0px||false|false\u00bb border_style_all=\u00bbnone\u00bb global_colors_info=\u00bb{}\u00bb][et_pb_image src=\u00bbhttps:\/\/lavalldecolonya.com\/wp-content\/uploads\/2025\/09\/DSC_0845.jpg\u00bb title_text=\u00bbVistas\u00bb _builder_version=\u00bb4.27.4&#8243; _module_preset=\u00bbdefault\u00bb global_colors_info=\u00bb{}\u00bb][\/et_pb_image][\/et_pb_column][et_pb_column type=\u00bb1_2&#8243; _builder_version=\u00bb4.27.4&#8243; _module_preset=\u00bbdefault\u00bb custom_padding=\u00bb0px||0px||false|false\u00bb border_style_all=\u00bbnone\u00bb global_colors_info=\u00bb{}\u00bb][et_pb_text _builder_version=\u00bb4.27.4&#8243; _module_preset=\u00bbdefault\u00bb text_text_color=\u00bb#693816&#8243; text_font_size=\u00bb16px\u00bb header_text_color=\u00bb#693816&#8243; global_colors_info=\u00bb{}\u00bb]<\/p>\n<h1>Habitaci\u00f3n MIRADOR<\/h1>\n<p><\/p>\n<p>Habitaci\u00f3n de 22 m\u00b2 + 15 m\u00b2 de terraza privada con vistas panor\u00e1micas a todo el valle<\/p>\n<p><\/p>\n<p>Cama de matrimonio (2&#215;2) + litera<\/p>\n<p><\/p>\n<p>Ba\u00f1o privado con ba\u00f1era<\/p>\n<p>[\/et_pb_text][et_pb_button button_url=\u00bbhttps:\/\/lavalldecolonya.com\/habitacio-mirador\/\u00bb button_text=\u00bbM\u00c1S IM\u00c1GENES\u00bb button_alignment=\u00bbleft\u00bb _builder_version=\u00bb4.27.4&#8243; _module_preset=\u00bbdefault\u00bb custom_button=\u00bbon\u00bb button_text_color=\u00bb#FFFFFF\u00bb button_bg_color=\u00bb#693816&#8243; global_colors_info=\u00bb{}\u00bb][\/et_pb_button][et_pb_accordion _builder_version=\u00bb4.27.4&#8243; _module_preset=\u00bbdefault\u00bb global_colors_info=\u00bb{}\u00bb][\/et_pb_accordion][\/et_pb_column][\/et_pb_row][et_pb_row column_structure=\u00bb1_2,1_2&#8243; _builder_version=\u00bb4.27.4&#8243; _module_preset=\u00bbdefault\u00bb min_height=\u00bb325.3px\u00bb custom_margin=\u00bb||-4px||false|false\u00bb custom_padding=\u00bb27px|||||\u00bb global_colors_info=\u00bb{}\u00bb][et_pb_column type=\u00bb1_2&#8243; _builder_version=\u00bb4.27.4&#8243; _module_preset=\u00bbdefault\u00bb custom_padding=\u00bb0px||0px||false|false\u00bb border_style_all=\u00bbnone\u00bb global_colors_info=\u00bb{}\u00bb][et_pb_image src=\u00bbhttps:\/\/lavalldecolonya.com\/wp-content\/uploads\/2025\/09\/WhatsApp-Image-2025-09-06-at-13.50.04.jpeg\u00bb title_text=\u00bbWhatsApp Image 2025-09-06 at 13.50.04&#8243; _builder_version=\u00bb4.27.4&#8243; _module_preset=\u00bbdefault\u00bb global_colors_info=\u00bb{}\u00bb][\/et_pb_image][\/et_pb_column][et_pb_column type=\u00bb1_2&#8243; _builder_version=\u00bb4.27.4&#8243; _module_preset=\u00bbdefault\u00bb custom_padding=\u00bb0px||0px||false|false\u00bb border_style_all=\u00bbnone\u00bb global_colors_info=\u00bb{}\u00bb][et_pb_text _builder_version=\u00bb4.27.4&#8243; _module_preset=\u00bbdefault\u00bb text_text_color=\u00bb#693816&#8243; text_font_size=\u00bb16px\u00bb header_text_color=\u00bb#693816&#8243; hover_enabled=\u00bb0&#8243; global_colors_info=\u00bb{}\u00bb sticky_enabled=\u00bb0&#8243;]<\/p>\n<h1>Habitaci\u00f3n VERDA<\/h1>\n<p>Habitaci\u00f3n doble de 16 m\u00b2 + 15 m\u00b2 de terraza privada y acceso directo a la piscina. Ba\u00f1o privado con ba\u00f1era.<br \/>Vistas a las monta\u00f1as.<br \/>*Posibilidad de hacer paquete con la Habitaci\u00f3n BLAVA para familias\/grupos<\/p>\n<p>[\/et_pb_text][et_pb_button button_url=\u00bbhttps:\/\/lavalldecolonya.com\/habitacio-verda\/\u00bb button_text=\u00bbM\u00c1S IM\u00c1GENES\u00bb _builder_version=\u00bb4.27.4&#8243; _module_preset=\u00bbdefault\u00bb custom_button=\u00bbon\u00bb button_text_color=\u00bb#FFFFFF\u00bb button_bg_color=\u00bb#693816&#8243; global_colors_info=\u00bb{}\u00bb][\/et_pb_button][\/et_pb_column][\/et_pb_row][et_pb_row column_structure=\u00bb1_2,1_2&#8243; _builder_version=\u00bb4.27.4&#8243; _module_preset=\u00bbdefault\u00bb min_height=\u00bb325.3px\u00bb custom_margin=\u00bb||-4px||false|false\u00bb custom_padding=\u00bb27px|||||\u00bb global_colors_info=\u00bb{}\u00bb][et_pb_column type=\u00bb1_2&#8243; _builder_version=\u00bb4.27.4&#8243; _module_preset=\u00bbdefault\u00bb custom_padding=\u00bb0px||0px||false|false\u00bb border_style_all=\u00bbnone\u00bb global_colors_info=\u00bb{}\u00bb][et_pb_image src=\u00bbhttps:\/\/lavalldecolonya.com\/wp-content\/uploads\/2025\/09\/DSC_1006.jpg\u00bb title_text=\u00bbHabitaci\u00f3n altell\u00bb _builder_version=\u00bb4.27.4&#8243; _module_preset=\u00bbdefault\u00bb global_colors_info=\u00bb{}\u00bb][\/et_pb_image][\/et_pb_column][et_pb_column type=\u00bb1_2&#8243; _builder_version=\u00bb4.27.4&#8243; _module_preset=\u00bbdefault\u00bb custom_padding=\u00bb0px||0px||false|false\u00bb border_style_all=\u00bbnone\u00bb global_colors_info=\u00bb{}\u00bb][et_pb_text _builder_version=\u00bb4.27.4&#8243; _module_preset=\u00bbdefault\u00bb text_text_color=\u00bb#693816&#8243; text_font_size=\u00bb16px\u00bb header_text_color=\u00bb#693816&#8243; hover_enabled=\u00bb0&#8243; global_colors_info=\u00bb{}\u00bb sticky_enabled=\u00bb0&#8243;]<\/p>\n<h1>Habitaci\u00f3n ALTELL<\/h1>\n<p>Habitaci\u00f3n cu\u00e1druple (cama matrimonial para dos adultos y un gran altillo para dos adultos o hasta cuatro ni\u00f1os). \u00a1Es la habitaci\u00f3n m\u00e1s querida por los ni\u00f1os!<br \/>Vistas a la piscina<br \/>Gran ba\u00f1o con ducha y ba\u00f1era, adaptado para personas con discapacidad.<\/p>\n<p>[\/et_pb_text][et_pb_button button_url=\u00bbhttps:\/\/lavalldecolonya.com\/habitacio-altell\/\u00bb button_text=\u00bbM\u00c1S IM\u00c1GENES\u00bb button_alignment=\u00bbleft\u00bb _builder_version=\u00bb4.27.4&#8243; _module_preset=\u00bbdefault\u00bb custom_button=\u00bbon\u00bb button_text_color=\u00bb#FFFFFF\u00bb button_bg_color=\u00bb#693816&#8243; global_colors_info=\u00bb{}\u00bb][\/et_pb_button][\/et_pb_column][\/et_pb_row][et_pb_row column_structure=\u00bb1_2,1_2&#8243; _builder_version=\u00bb4.27.4&#8243; _module_preset=\u00bbdefault\u00bb min_height=\u00bb325.3px\u00bb custom_margin=\u00bb||-4px||false|false\u00bb custom_padding=\u00bb27px|||||\u00bb global_colors_info=\u00bb{}\u00bb][et_pb_column type=\u00bb1_2&#8243; _builder_version=\u00bb4.27.4&#8243; _module_preset=\u00bbdefault\u00bb custom_padding=\u00bb0px||0px||false|false\u00bb border_style_all=\u00bbnone\u00bb global_colors_info=\u00bb{}\u00bb][et_pb_image src=\u00bbhttps:\/\/lavalldecolonya.com\/wp-content\/uploads\/2025\/09\/DSC_1063.jpg\u00bb title_text=\u00bbVistas al Puig de Maria\u00bb _builder_version=\u00bb4.27.4&#8243; _module_preset=\u00bbdefault\u00bb global_colors_info=\u00bb{}\u00bb][\/et_pb_image][\/et_pb_column][et_pb_column type=\u00bb1_2&#8243; _builder_version=\u00bb4.27.4&#8243; _module_preset=\u00bbdefault\u00bb custom_padding=\u00bb0px||0px||false|false\u00bb border_style_all=\u00bbnone\u00bb global_colors_info=\u00bb{}\u00bb][et_pb_text _builder_version=\u00bb4.27.4&#8243; _module_preset=\u00bbdefault\u00bb text_text_color=\u00bb#693816&#8243; text_font_size=\u00bb16px\u00bb header_text_color=\u00bb#693816&#8243; global_colors_info=\u00bb{}\u00bb]<\/p>\n<h1>Habitaci\u00f3n BLAVA<\/h1>\n<p><\/p>\n<p>Habitaci\u00f3n cu\u00e1druple de 12 m\u00b2 (2 literas)<\/p>\n<p><\/p>\n<p>Vistas al Puig de Maria<br \/>\nBa\u00f1o con ducha<\/p>\n<p><\/p>\n<p>*Posibilidad de hacer paquete con la Habitaci\u00f3n VERDA<\/p>\n<p>[\/et_pb_text][et_pb_button button_url=\u00bbhttps:\/\/lavalldecolonya.com\/habitacio-blava\/\u00bb button_text=\u00bbM\u00c1S IM\u00c1GENES\u00bb _builder_version=\u00bb4.27.4&#8243; _module_preset=\u00bbdefault\u00bb custom_button=\u00bbon\u00bb button_text_color=\u00bb#FFFFFF\u00bb button_bg_color=\u00bb#693816&#8243; global_colors_info=\u00bb{}\u00bb][\/et_pb_button][\/et_pb_column][\/et_pb_row][et_pb_row _builder_version=\u00bb4.16&#8243; _module_preset=\u00bbdefault\u00bb animation_style=\u00bbfade\u00bb locked=\u00bboff\u00bb global_colors_info=\u00bb{}\u00bb][et_pb_column type=\u00bb4_4&#8243; _builder_version=\u00bb4.16&#8243; _module_preset=\u00bbdefault\u00bb global_colors_info=\u00bb{}\u00bb][et_pb_button button_url=\u00bb@ET-DC@eyJkeW5hbWljIjp0cnVlLCJjb250ZW50IjoicG9zdF9saW5rX3VybF9wYWdlIiwic2V0dGluZ3MiOnsicG9zdF9pZCI6IjIxMTEzIn19@\u00bb button_text=\u00bbContacta con nosotros\u00bb button_alignment=\u00bbcenter\u00bb _builder_version=\u00bb4.16&#8243; _dynamic_attributes=\u00bbbutton_url\u00bb _module_preset=\u00bbdefault\u00bb custom_button=\u00bbon\u00bb button_text_size=\u00bb20px\u00bb button_text_color=\u00bb#693816&#8243; button_bg_color=\u00bb#E2D3CC\u00bb button_border_color=\u00bb#E2D3CC\u00bb button_use_icon=\u00bboff\u00bb position_origin_a=\u00bbcenter_center\u00bb custom_margin=\u00bb||||false|false\u00bb global_colors_info=\u00bb{}\u00bb][\/et_pb_button][\/et_pb_column][\/et_pb_row][\/et_pb_section]<\/p>\n","protected":false},"excerpt":{"rendered":"<p>Pernoctas Qu\u00e9date a dormir y despierta con los sonidos de la naturaleza, incluido el canto de nuestro gallo Kiric, en un entorno rural incomparable.Habitaci\u00f3n MIRADORHabitaci\u00f3n de 22 m\u00b2 + 15 m\u00b2 de terraza privada con vistas panor\u00e1micas a todo el valle Cama de matrimonio (2&#215;2) + litera Ba\u00f1o privado con ba\u00f1eraHabitaci\u00f3n VERDA Habitaci\u00f3n doble de [&hellip;]<\/p>\n","protected":false},"author":1,"featured_media":0,"parent":0,"menu_order":0,"comment_status":"closed","ping_status":"closed","template":"","meta":{"_et_pb_use_builder":"on","_et_pb_old_content":"","_et_gb_content_width":"","_joinchat":[],"footnotes":""},"dipi_cpt_category":[],"class_list":["post-23346","page","type-page","status-publish","hentry"],"_links":{"self":[{"href":"https:\/\/lavalldecolonya.com\/es\/wp-json\/wp\/v2\/pages\/23346","targetHints":{"allow":["GET"]}}],"collection":[{"href":"https:\/\/lavalldecolonya.com\/es\/wp-json\/wp\/v2\/pages"}],"about":[{"href":"https:\/\/lavalldecolonya.com\/es\/wp-json\/wp\/v2\/types\/page"}],"author":[{"embeddable":true,"href":"https:\/\/lavalldecolonya.com\/es\/wp-json\/wp\/v2\/users\/1"}],"replies":[{"embeddable":true,"href":"https:\/\/lavalldecolonya.com\/es\/wp-json\/wp\/v2\/comments?post=23346"}],"version-history":[{"count":32,"href":"https:\/\/lavalldecolonya.com\/es\/wp-json\/wp\/v2\/pages\/23346\/revisions"}],"predecessor-version":[{"id":24218,"href":"https:\/\/lavalldecolonya.com\/es\/wp-json\/wp\/v2\/pages\/23346\/revisions\/24218"}],"wp:attachment":[{"href":"https:\/\/lavalldecolonya.com\/es\/wp-json\/wp\/v2\/media?parent=23346"}],"wp:term":[{"taxonomy":"dipi_cpt_category","embeddable":true,"href":"https:\/\/lavalldecolonya.com\/es\/wp-json\/wp\/v2\/dipi_cpt_category?post=23346"}],"curies":[{"name":"wp","href":"https:\/\/api.w.org\/{rel}","templated":true}]}}