{"id":23305,"date":"2021-09-14T07:33:54","date_gmt":"2021-09-14T05:33:54","guid":{"rendered":"https:\/\/lavalldecolonya.com\/extraescolar-vida-al-camp\/"},"modified":"2025-10-03T20:21:53","modified_gmt":"2025-10-03T19:21:53","slug":"extraescolar-vida-en-el-campo","status":"publish","type":"page","link":"https:\/\/lavalldecolonya.com\/es\/extraescolar-vida-en-el-campo\/","title":{"rendered":"Extraescolar \u00abVida en el campo\u00bb"},"content":{"rendered":"<p>[et_pb_section fb_built=\u00bb1&#8243; _builder_version=\u00bb4.16&#8243; _module_preset=\u00bbdefault\u00bb global_colors_info=\u00bb{}\u00bb][et_pb_row _builder_version=\u00bb4.16&#8243; _module_preset=\u00bbdefault\u00bb animation_style=\u00bbfade\u00bb global_colors_info=\u00bb{}\u00bb][et_pb_column type=\u00bb4_4&#8243; _builder_version=\u00bb4.16&#8243; _module_preset=\u00bbdefault\u00bb global_colors_info=\u00bb{}\u00bb][et_pb_text _builder_version=\u00bb4.16&#8243; _module_preset=\u00bbdefault\u00bb text_text_color=\u00bb#825C44&#8243; text_font_size=\u00bb16px\u00bb text_line_height=\u00bb1.6em\u00bb header_font=\u00bb|||on|||||\u00bb header_text_align=\u00bbcenter\u00bb header_text_color=\u00bb#693816&#8243; header_font_size=\u00bb35px\u00bb text_orientation=\u00bbcenter\u00bb locked=\u00bboff\u00bb global_colors_info=\u00bb{}\u00bb]<\/p>\n<h1>Extraescolar \u00abVida en el campo\u00bb<\/h1>\n<p>[\/et_pb_text][\/et_pb_column][\/et_pb_row][et_pb_row column_structure=\u00bb1_2,1_2&#8243; _builder_version=\u00bb4.16&#8243; _module_preset=\u00bbdefault\u00bb max_width=\u00bb1920px\u00bb animation_style=\u00bbfade\u00bb global_colors_info=\u00bb{}\u00bb][et_pb_column type=\u00bb1_2&#8243; _builder_version=\u00bb4.16&#8243; _module_preset=\u00bbdefault\u00bb global_colors_info=\u00bb{}\u00bb][et_pb_image src=\u00bbhttps:\/\/lavalldecolonya.com\/wp-content\/uploads\/2025\/10\/La-Vall-de-Colonya-Granja-Escola-Pollenca-004-300&#215;200-2.jpg\u00bb title_text=\u00bb\u00a9micerstudio\u00bb show_in_lightbox=\u00bbon\u00bb align=\u00bbcenter\u00bb _builder_version=\u00bb4.27.4&#8243; _module_preset=\u00bbdefault\u00bb max_height=\u00bb70vh\u00bb hover_enabled=\u00bb0&#8243; global_colors_info=\u00bb{}\u00bb sticky_enabled=\u00bb0&#8243; force_fullwidth=\u00bbon\u00bb custom_margin=\u00bb20px||||false|false\u00bb][\/et_pb_image][\/et_pb_column][et_pb_column type=\u00bb1_2&#8243; _builder_version=\u00bb4.16&#8243; _module_preset=\u00bbdefault\u00bb global_colors_info=\u00bb{}\u00bb][et_pb_text _builder_version=\u00bb4.27.4&#8243; _module_preset=\u00bbdefault\u00bb text_text_color=\u00bb#825C44&#8243; text_font_size=\u00bb16px\u00bb text_line_height=\u00bb1.6em\u00bb text_orientation=\u00bbjustified\u00bb custom_margin=\u00bb0px||||false|false\u00bb hover_enabled=\u00bb0&#8243; global_colors_info=\u00bb{}\u00bb sticky_enabled=\u00bb0&#8243;]<\/p>\n<p>Durante el calendario escolar podr\u00e9is participar en nuestra extraescolar, dirigida a ni\u00f1os de educaci\u00f3n infantil y primaria. Haremos actividades interactivas con las cuales los m\u00e1s peque\u00f1os aprender\u00e1n nuevas experiencias relacionadas con la agricultura y la ganader\u00eda. Con los 5 sentidos, aprenderemos sobre los animales, la naturaleza y la vida en el campo, a partir de talleres, actividades, excursiones, juegos\u2026<\/p>\n<p>Ofrecemos dos posibilidades:<\/p>\n<p>\u2013 1 D\u00cdA SEMANAL: MARTES<br \/>\u2013 2 D\u00cdAS SEMANALES LUNES Y MI\u00c9RCOLES<\/p>\n<p>Se har\u00e1 una reserva con 15 euros que se descontar\u00e1n del pago trimestral.<\/p>\n<p>[\/et_pb_text][dipi_price_list _builder_version=\u00bb4.16&#8243; _module_preset=\u00bbdefault\u00bb global_colors_info=\u00bb{}\u00bb][\/dipi_price_list][\/et_pb_column][\/et_pb_row][et_pb_row _builder_version=\u00bb4.16&#8243; _module_preset=\u00bbdefault\u00bb animation_style=\u00bbfade\u00bb locked=\u00bboff\u00bb global_colors_info=\u00bb{}\u00bb][et_pb_column type=\u00bb4_4&#8243; _builder_version=\u00bb4.16&#8243; _module_preset=\u00bbdefault\u00bb global_colors_info=\u00bb{}\u00bb][et_pb_button button_url=\u00bb@ET-DC@eyJkeW5hbWljIjp0cnVlLCJjb250ZW50IjoicG9zdF9saW5rX3VybF9wYWdlIiwic2V0dGluZ3MiOnsicG9zdF9pZCI6IjIxMTEzIn19@\u00bb button_text=\u00bbContacta con nosotros\u00bb button_alignment=\u00bbcenter\u00bb _builder_version=\u00bb4.16&#8243; _dynamic_attributes=\u00bbbutton_url\u00bb _module_preset=\u00bbdefault\u00bb custom_button=\u00bbon\u00bb button_text_size=\u00bb20px\u00bb button_text_color=\u00bb#693816&#8243; button_bg_color=\u00bb#E2D3CC\u00bb button_border_color=\u00bb#E2D3CC\u00bb button_use_icon=\u00bboff\u00bb position_origin_a=\u00bbcenter_center\u00bb custom_margin=\u00bb||||false|false\u00bb global_colors_info=\u00bb{}\u00bb][\/et_pb_button][\/et_pb_column][\/et_pb_row][\/et_pb_section]<\/p>\n","protected":false},"excerpt":{"rendered":"<p>Extraescolar \u00abVida en el campo\u00bbDurante el calendario escolar podr\u00e9is participar en nuestra extraescolar, dirigida a ni\u00f1os de educaci\u00f3n infantil y primaria. Haremos actividades interactivas con las cuales los m\u00e1s peque\u00f1os aprender\u00e1n nuevas experiencias relacionadas con la agricultura y la ganader\u00eda. Con los 5 sentidos, aprenderemos sobre los animales, la naturaleza y la vida en el [&hellip;]<\/p>\n","protected":false},"author":1,"featured_media":0,"parent":0,"menu_order":0,"comment_status":"closed","ping_status":"closed","template":"","meta":{"_et_pb_use_builder":"on","_et_pb_old_content":"","_et_gb_content_width":"","_joinchat":[],"footnotes":""},"dipi_cpt_category":[],"class_list":["post-23305","page","type-page","status-publish","hentry"],"_links":{"self":[{"href":"https:\/\/lavalldecolonya.com\/es\/wp-json\/wp\/v2\/pages\/23305","targetHints":{"allow":["GET"]}}],"collection":[{"href":"https:\/\/lavalldecolonya.com\/es\/wp-json\/wp\/v2\/pages"}],"about":[{"href":"https:\/\/lavalldecolonya.com\/es\/wp-json\/wp\/v2\/types\/page"}],"author":[{"embeddable":true,"href":"https:\/\/lavalldecolonya.com\/es\/wp-json\/wp\/v2\/users\/1"}],"replies":[{"embeddable":true,"href":"https:\/\/lavalldecolonya.com\/es\/wp-json\/wp\/v2\/comments?post=23305"}],"version-history":[{"count":5,"href":"https:\/\/lavalldecolonya.com\/es\/wp-json\/wp\/v2\/pages\/23305\/revisions"}],"predecessor-version":[{"id":24034,"href":"https:\/\/lavalldecolonya.com\/es\/wp-json\/wp\/v2\/pages\/23305\/revisions\/24034"}],"wp:attachment":[{"href":"https:\/\/lavalldecolonya.com\/es\/wp-json\/wp\/v2\/media?parent=23305"}],"wp:term":[{"taxonomy":"dipi_cpt_category","embeddable":true,"href":"https:\/\/lavalldecolonya.com\/es\/wp-json\/wp\/v2\/dipi_cpt_category?post=23305"}],"curies":[{"name":"wp","href":"https:\/\/api.w.org\/{rel}","templated":true}]}}