{"id":23300,"date":"2021-09-14T08:40:52","date_gmt":"2021-09-14T06:40:52","guid":{"rendered":"https:\/\/lavalldecolonya.com\/esdeveniments-especials\/"},"modified":"2025-10-04T12:57:35","modified_gmt":"2025-10-04T11:57:35","slug":"acontecimientos-especiales","status":"publish","type":"page","link":"https:\/\/lavalldecolonya.com\/es\/acontecimientos-especiales\/","title":{"rendered":"Acontecimientos especiales"},"content":{"rendered":"<p>[et_pb_section fb_built=\u00bb1&#8243; _builder_version=\u00bb4.16&#8243; _module_preset=\u00bbdefault\u00bb global_colors_info=\u00bb{}\u00bb][et_pb_row _builder_version=\u00bb4.16&#8243; _module_preset=\u00bbdefault\u00bb max_width=\u00bb1920px\u00bb animation_style=\u00bbfade\u00bb global_colors_info=\u00bb{}\u00bb][et_pb_column type=\u00bb4_4&#8243; _builder_version=\u00bb4.16&#8243; _module_preset=\u00bbdefault\u00bb global_colors_info=\u00bb{}\u00bb][et_pb_text _builder_version=\u00bb4.27.4&#8243; _module_preset=\u00bbdefault\u00bb text_text_color=\u00bb#825C44&#8243; text_font_size=\u00bb16px\u00bb text_line_height=\u00bb1.6em\u00bb header_font=\u00bb|||on|||||\u00bb header_text_align=\u00bbcenter\u00bb header_text_color=\u00bb#693816&#8243; header_font_size=\u00bb35px\u00bb text_orientation=\u00bbcenter\u00bb hover_enabled=\u00bb0&#8243; global_colors_info=\u00bb{}\u00bb sticky_enabled=\u00bb0&#8243;]<\/p>\n<h1>ACONTECIMIENTOS ESPECIALES<\/h1>\n<p>Pod\u00e9is venir a celebrar vuestro cumplea\u00f1os, comuni\u00f3n, o acontecimiento especial en nuestra Granja Escuela La Vall de Colonya, rodeada de naturaleza. Te ofrecemos experiencias particulares y celebraciones tem\u00e1ticas para hacer este d\u00eda todav\u00eda m\u00e1s especial!<\/p>\n<p>[\/et_pb_text][dipi_masonry_gallery images=\u00bb59,57,55,53,51,49,48,46,44&#8243; gallery_ids=\u00bb59,57,55,53,51,49,48,46,44,23679,23883,23859&#8243; columns=\u00bb3&#8243; columns_tablet=\u00bb\u00bb columns_phone=\u00bb2&#8243; columns_last_edited=\u00bbon|phone\u00bb overlay_bg_color_gradient_type_tablet=\u00bblinear\u00bb overlay_bg_color_gradient_type_phone=\u00bblinear\u00bb _builder_version=\u00bb4.27.4&#8243; _module_preset=\u00bbdefault\u00bb global_colors_info=\u00bb{}\u00bb overlay_bg_color_gradient_type__hover=\u00bblinear\u00bb image_bg_color_gradient_type__hover=\u00bblinear\u00bb][\/dipi_masonry_gallery][\/et_pb_column][\/et_pb_row][et_pb_row _builder_version=\u00bb4.16&#8243; _module_preset=\u00bbdefault\u00bb animation_style=\u00bbfade\u00bb locked=\u00bboff\u00bb global_colors_info=\u00bb{}\u00bb][et_pb_column type=\u00bb4_4&#8243; _builder_version=\u00bb4.16&#8243; _module_preset=\u00bbdefault\u00bb global_colors_info=\u00bb{}\u00bb][et_pb_button button_url=\u00bb@ET-DC@eyJkeW5hbWljIjp0cnVlLCJjb250ZW50IjoicG9zdF9saW5rX3VybF9wYWdlIiwic2V0dGluZ3MiOnsicG9zdF9pZCI6IjIxMTEzIn19@\u00bb button_text=\u00bbContacta con nosotros\u00bb button_alignment=\u00bbcenter\u00bb _builder_version=\u00bb4.16&#8243; _dynamic_attributes=\u00bbbutton_url\u00bb _module_preset=\u00bbdefault\u00bb custom_button=\u00bbon\u00bb button_text_size=\u00bb20px\u00bb button_text_color=\u00bb#693816&#8243; button_bg_color=\u00bb#E2D3CC\u00bb button_border_color=\u00bb#E2D3CC\u00bb button_use_icon=\u00bboff\u00bb position_origin_a=\u00bbcenter_center\u00bb custom_margin=\u00bb||||false|false\u00bb global_colors_info=\u00bb{}\u00bb][\/et_pb_button][\/et_pb_column][\/et_pb_row][\/et_pb_section][et_pb_section fb_built=\u00bb1&#8243; _builder_version=\u00bb4.27.4&#8243; _module_preset=\u00bbdefault\u00bb global_colors_info=\u00bb{}\u00bb][et_pb_row _builder_version=\u00bb4.27.4&#8243; _module_preset=\u00bbdefault\u00bb global_colors_info=\u00bb{}\u00bb][et_pb_column type=\u00bb4_4&#8243; _builder_version=\u00bb4.27.4&#8243; _module_preset=\u00bbdefault\u00bb global_colors_info=\u00bb{}\u00bb][et_pb_image src=\u00bbhttps:\/\/lavalldecolonya.com\/wp-content\/uploads\/2025\/10\/en.png\u00bb _builder_version=\u00bb4.27.4&#8243; _module_preset=\u00bbdefault\u00bb global_colors_info=\u00bb{}\u00bb][\/et_pb_image][\/et_pb_column][\/et_pb_row][\/et_pb_section][et_pb_section fb_built=\u00bb1&#8243; _builder_version=\u00bb4.27.4&#8243; _module_preset=\u00bbdefault\u00bb global_colors_info=\u00bb{}\u00bb][et_pb_row _builder_version=\u00bb4.27.4&#8243; _module_preset=\u00bbdefault\u00bb global_colors_info=\u00bb{}\u00bb][et_pb_column type=\u00bb4_4&#8243; _builder_version=\u00bb4.27.4&#8243; _module_preset=\u00bbdefault\u00bb global_colors_info=\u00bb{}\u00bb][et_pb_image src=\u00bbhttps:\/\/lavalldecolonya.com\/wp-content\/uploads\/2025\/10\/en-1.png\u00bb _builder_version=\u00bb4.27.4&#8243; _module_preset=\u00bbdefault\u00bb global_colors_info=\u00bb{}\u00bb][\/et_pb_image][\/et_pb_column][\/et_pb_row][\/et_pb_section]<\/p>\n","protected":false},"excerpt":{"rendered":"<p>ACONTECIMIENTOS ESPECIALES Pod\u00e9is venir a celebrar vuestro cumplea\u00f1os, comuni\u00f3n, o acontecimiento especial en nuestra Granja Escuela La Vall de Colonya, rodeada de naturaleza. Te ofrecemos experiencias particulares y celebraciones tem\u00e1ticas para hacer este d\u00eda todav\u00eda m\u00e1s especial!<div class=\"et_pb_module dipi_masonry_gallery dipi_masonry_gallery_0\">\n\t\t\t\t\n\t\t\t\t\n\t\t\t\t\n\t\t\t\t\n\t\t\t\t\n\t\t\t\t\n\t\t\t\t<div class=\"et_pb_module_inner\">\n\t\t\t\t\t<div class=\"dipi_masonry_gallery_wrapper\" data-config=\"{&quot;infinite_scroll_viewport&quot;:&quot;25%&quot;}\">\n                \n            <div\n                class=\"dipi_masonry_gallery_container animated none\"\n                \n                data-count=\"12\"\n                data-anim=\"none\"\n            >\n                <div class=\"grid show_lightbox show_lightbox_tablet show_lightbox_phone hide_overlay \" data-lazy=\"false\" >\n                    <div class=\"grid-sizer\"><\/div><div class=\"gutter-sizer\"><\/div><div class=\"grid-item et_pb_gallery_image \">\n                       \n                        <div class=\"img-container dipi-mg-animation dipi-mg-none\" href=\"https:\/\/lavalldecolonya.com\/wp-content\/uploads\/2021\/07\/La-Vall-de-Colonya-Granja-Escola-Pollenca-017.jpg\">\n                            <img decoding=\"async\" src=\"https:\/\/lavalldecolonya.com\/wp-content\/uploads\/2021\/07\/La-Vall-de-Colonya-Granja-Escola-Pollenca-017.jpg\"\n                                alt=\"\"\n                                loading=\"lazy\"\n                            \/>\n                            <span class=\"dipi_masonry_gallery_overlay background\"><\/span>\n                <span class=\"dipi_masonry_gallery_overlay background-hover\"><\/span>\n                <span class=\"dipi_masonry_gallery_overlay content\" style=\"transition-duration: 0ms;\">\n                    <div class=\"et-pb-icon  dipi-mansonry-gallery-icon animated fadeInUp\"data-no-icon><\/div>\n                    \n                    \n                <\/span>\n                        <\/div>\n                    \n                <\/div><div class=\"grid-item et_pb_gallery_image \">\n                       \n                        <div class=\"img-container dipi-mg-animation dipi-mg-none\" href=\"https:\/\/lavalldecolonya.com\/wp-content\/uploads\/2021\/07\/La-Vall-de-Colonya-Granja-Escola-Pollenca-015.jpg\">\n                            <img decoding=\"async\" src=\"https:\/\/lavalldecolonya.com\/wp-content\/uploads\/2021\/07\/La-Vall-de-Colonya-Granja-Escola-Pollenca-015.jpg\"\n                                alt=\"\"\n                                loading=\"lazy\"\n                            \/>\n                            <span class=\"dipi_masonry_gallery_overlay background\"><\/span>\n                <span class=\"dipi_masonry_gallery_overlay background-hover\"><\/span>\n                <span class=\"dipi_masonry_gallery_overlay content\" style=\"transition-duration: 0ms;\">\n                    <div class=\"et-pb-icon  dipi-mansonry-gallery-icon animated fadeInUp\"data-no-icon><\/div>\n                    \n                    \n                <\/span>\n                        <\/div>\n                    \n                <\/div><div class=\"grid-item et_pb_gallery_image \">\n                       \n                        <div class=\"img-container dipi-mg-animation dipi-mg-none\" href=\"https:\/\/lavalldecolonya.com\/wp-content\/uploads\/2021\/07\/La-Vall-de-Colonya-Granja-Escola-Pollenca-013.jpg\">\n                            <img decoding=\"async\" src=\"https:\/\/lavalldecolonya.com\/wp-content\/uploads\/2021\/07\/La-Vall-de-Colonya-Granja-Escola-Pollenca-013.jpg\"\n                                alt=\"\"\n                                loading=\"lazy\"\n                            \/>\n                            <span class=\"dipi_masonry_gallery_overlay background\"><\/span>\n                <span class=\"dipi_masonry_gallery_overlay background-hover\"><\/span>\n                <span class=\"dipi_masonry_gallery_overlay content\" style=\"transition-duration: 0ms;\">\n                    <div class=\"et-pb-icon  dipi-mansonry-gallery-icon animated fadeInUp\"data-no-icon><\/div>\n                    \n                    \n                <\/span>\n                        <\/div>\n                    \n                <\/div><div class=\"grid-item et_pb_gallery_image \">\n                       \n                        <div class=\"img-container dipi-mg-animation dipi-mg-none\" href=\"https:\/\/lavalldecolonya.com\/wp-content\/uploads\/2021\/07\/La-Vall-de-Colonya-Granja-Escola-Pollenca-011.jpg\">\n                            <img decoding=\"async\" src=\"https:\/\/lavalldecolonya.com\/wp-content\/uploads\/2021\/07\/La-Vall-de-Colonya-Granja-Escola-Pollenca-011.jpg\"\n                                alt=\"\"\n                                loading=\"lazy\"\n                            \/>\n                            <span class=\"dipi_masonry_gallery_overlay background\"><\/span>\n                <span class=\"dipi_masonry_gallery_overlay background-hover\"><\/span>\n                <span class=\"dipi_masonry_gallery_overlay content\" style=\"transition-duration: 0ms;\">\n                    <div class=\"et-pb-icon  dipi-mansonry-gallery-icon animated fadeInUp\"data-no-icon><\/div>\n                    \n                    \n                <\/span>\n                        <\/div>\n                    \n                <\/div><div class=\"grid-item et_pb_gallery_image \">\n                       \n                        <div class=\"img-container dipi-mg-animation dipi-mg-none\" href=\"https:\/\/lavalldecolonya.com\/wp-content\/uploads\/2021\/07\/La-Vall-de-Colonya-Granja-Escola-Pollenca-009.jpg\">\n                            <img decoding=\"async\" src=\"https:\/\/lavalldecolonya.com\/wp-content\/uploads\/2021\/07\/La-Vall-de-Colonya-Granja-Escola-Pollenca-009.jpg\"\n                                alt=\"\"\n                                loading=\"lazy\"\n                            \/>\n                            <span class=\"dipi_masonry_gallery_overlay background\"><\/span>\n                <span class=\"dipi_masonry_gallery_overlay background-hover\"><\/span>\n                <span class=\"dipi_masonry_gallery_overlay content\" style=\"transition-duration: 0ms;\">\n                    <div class=\"et-pb-icon  dipi-mansonry-gallery-icon animated fadeInUp\"data-no-icon><\/div>\n                    \n                    \n                <\/span>\n                        <\/div>\n                    \n                <\/div><div class=\"grid-item et_pb_gallery_image \">\n                       \n                        <div class=\"img-container dipi-mg-animation dipi-mg-none\" href=\"https:\/\/lavalldecolonya.com\/wp-content\/uploads\/2021\/07\/La-Vall-de-Colonya-Granja-Escola-Pollenca-007.jpg\">\n                            <img decoding=\"async\" src=\"https:\/\/lavalldecolonya.com\/wp-content\/uploads\/2021\/07\/La-Vall-de-Colonya-Granja-Escola-Pollenca-007.jpg\"\n                                alt=\"\"\n                                loading=\"lazy\"\n                            \/>\n                            <span class=\"dipi_masonry_gallery_overlay background\"><\/span>\n                <span class=\"dipi_masonry_gallery_overlay background-hover\"><\/span>\n                <span class=\"dipi_masonry_gallery_overlay content\" style=\"transition-duration: 0ms;\">\n                    <div class=\"et-pb-icon  dipi-mansonry-gallery-icon animated fadeInUp\"data-no-icon><\/div>\n                    \n                    \n                <\/span>\n                        <\/div>\n                    \n                <\/div><div class=\"grid-item et_pb_gallery_image \">\n                       \n                        <div class=\"img-container dipi-mg-animation dipi-mg-none\" href=\"https:\/\/lavalldecolonya.com\/wp-content\/uploads\/2021\/07\/La-Vall-de-Colonya-Granja-Escola-Pollenca-006.jpg\">\n                            <img decoding=\"async\" src=\"https:\/\/lavalldecolonya.com\/wp-content\/uploads\/2021\/07\/La-Vall-de-Colonya-Granja-Escola-Pollenca-006.jpg\"\n                                alt=\"\"\n                                loading=\"lazy\"\n                            \/>\n                            <span class=\"dipi_masonry_gallery_overlay background\"><\/span>\n                <span class=\"dipi_masonry_gallery_overlay background-hover\"><\/span>\n                <span class=\"dipi_masonry_gallery_overlay content\" style=\"transition-duration: 0ms;\">\n                    <div class=\"et-pb-icon  dipi-mansonry-gallery-icon animated fadeInUp\"data-no-icon><\/div>\n                    \n                    \n                <\/span>\n                        <\/div>\n                    \n                <\/div><div class=\"grid-item et_pb_gallery_image \">\n                       \n                        <div class=\"img-container dipi-mg-animation dipi-mg-none\" href=\"https:\/\/lavalldecolonya.com\/wp-content\/uploads\/2021\/07\/La-Vall-de-Colonya-Granja-Escola-Pollenca-004.jpg\">\n                            <img decoding=\"async\" src=\"https:\/\/lavalldecolonya.com\/wp-content\/uploads\/2021\/07\/La-Vall-de-Colonya-Granja-Escola-Pollenca-004.jpg\"\n                                alt=\"\"\n                                loading=\"lazy\"\n                            \/>\n                            <span class=\"dipi_masonry_gallery_overlay background\"><\/span>\n                <span class=\"dipi_masonry_gallery_overlay background-hover\"><\/span>\n                <span class=\"dipi_masonry_gallery_overlay content\" style=\"transition-duration: 0ms;\">\n                    <div class=\"et-pb-icon  dipi-mansonry-gallery-icon animated fadeInUp\"data-no-icon><\/div>\n                    \n                    \n                <\/span>\n                        <\/div>\n                    \n                <\/div><div class=\"grid-item et_pb_gallery_image \">\n                       \n                        <div class=\"img-container dipi-mg-animation dipi-mg-none\" href=\"https:\/\/lavalldecolonya.com\/wp-content\/uploads\/2021\/07\/La-Vall-de-Colonya-Granja-Escola-Pollenca-002.jpg\">\n                            <img decoding=\"async\" src=\"https:\/\/lavalldecolonya.com\/wp-content\/uploads\/2021\/07\/La-Vall-de-Colonya-Granja-Escola-Pollenca-002.jpg\"\n                                alt=\"\"\n                                loading=\"lazy\"\n                            \/>\n                            <span class=\"dipi_masonry_gallery_overlay background\"><\/span>\n                <span class=\"dipi_masonry_gallery_overlay background-hover\"><\/span>\n                <span class=\"dipi_masonry_gallery_overlay content\" style=\"transition-duration: 0ms;\">\n                    <div class=\"et-pb-icon  dipi-mansonry-gallery-icon animated fadeInUp\"data-no-icon><\/div>\n                    \n                    \n                <\/span>\n                        <\/div>\n                    \n                <\/div><div class=\"grid-item et_pb_gallery_image \">\n                       \n                        <div class=\"img-container dipi-mg-animation dipi-mg-none\" href=\"https:\/\/lavalldecolonya.com\/wp-content\/uploads\/2025\/09\/WhatsApp-Image-2025-09-06-at-13.50.06-2.jpeg\">\n                            <img decoding=\"async\" src=\"https:\/\/lavalldecolonya.com\/wp-content\/uploads\/2025\/09\/WhatsApp-Image-2025-09-06-at-13.50.06-2.jpeg\"\n                                alt=\"\"\n                                loading=\"lazy\"\n                            \/>\n                            <span class=\"dipi_masonry_gallery_overlay background\"><\/span>\n                <span class=\"dipi_masonry_gallery_overlay background-hover\"><\/span>\n                <span class=\"dipi_masonry_gallery_overlay content\" style=\"transition-duration: 0ms;\">\n                    <div class=\"et-pb-icon  dipi-mansonry-gallery-icon animated fadeInUp\"data-no-icon><\/div>\n                    \n                    \n                <\/span>\n                        <\/div>\n                    \n                <\/div><div class=\"grid-item et_pb_gallery_image \">\n                       \n                        <div class=\"img-container dipi-mg-animation dipi-mg-none\" href=\"https:\/\/lavalldecolonya.com\/wp-content\/uploads\/2025\/09\/WhatsApp-Image-2025-09-06-at-13.50.07.jpeg\">\n                            <img decoding=\"async\" src=\"https:\/\/lavalldecolonya.com\/wp-content\/uploads\/2025\/09\/WhatsApp-Image-2025-09-06-at-13.50.07.jpeg\"\n                                alt=\"\"\n                                loading=\"lazy\"\n                            \/>\n                            <span class=\"dipi_masonry_gallery_overlay background\"><\/span>\n                <span class=\"dipi_masonry_gallery_overlay background-hover\"><\/span>\n                <span class=\"dipi_masonry_gallery_overlay content\" style=\"transition-duration: 0ms;\">\n                    <div class=\"et-pb-icon  dipi-mansonry-gallery-icon animated fadeInUp\"data-no-icon><\/div>\n                    \n                    \n                <\/span>\n                        <\/div>\n                    \n                <\/div><div class=\"grid-item et_pb_gallery_image \">\n                       \n                        <div class=\"img-container dipi-mg-animation dipi-mg-none\" href=\"https:\/\/lavalldecolonya.com\/wp-content\/uploads\/2025\/09\/DSC_0979.jpg\">\n                            <img decoding=\"async\" src=\"https:\/\/lavalldecolonya.com\/wp-content\/uploads\/2025\/09\/DSC_0979.jpg\"\n                                alt=\"\"\n                                loading=\"lazy\"\n                            \/>\n                            <span class=\"dipi_masonry_gallery_overlay background\"><\/span>\n                <span class=\"dipi_masonry_gallery_overlay background-hover\"><\/span>\n                <span class=\"dipi_masonry_gallery_overlay content\" style=\"transition-duration: 0ms;\">\n                    <div class=\"et-pb-icon  dipi-mansonry-gallery-icon animated fadeInUp\"data-no-icon><\/div>\n                    \n                    \n                <\/span>\n                        <\/div>\n                    \n                <\/div>\n                <\/div>\n                \n            <\/div>\n            \n            <\/div>\n             \n\t\t\t\t<\/div>\n\t\t\t<\/div><\/p>\n","protected":false},"author":1,"featured_media":0,"parent":0,"menu_order":0,"comment_status":"closed","ping_status":"closed","template":"","meta":{"_et_pb_use_builder":"on","_et_pb_old_content":"","_et_gb_content_width":"","_joinchat":[],"footnotes":""},"dipi_cpt_category":[],"class_list":["post-23300","page","type-page","status-publish","hentry"],"_links":{"self":[{"href":"https:\/\/lavalldecolonya.com\/es\/wp-json\/wp\/v2\/pages\/23300","targetHints":{"allow":["GET"]}}],"collection":[{"href":"https:\/\/lavalldecolonya.com\/es\/wp-json\/wp\/v2\/pages"}],"about":[{"href":"https:\/\/lavalldecolonya.com\/es\/wp-json\/wp\/v2\/types\/page"}],"author":[{"embeddable":true,"href":"https:\/\/lavalldecolonya.com\/es\/wp-json\/wp\/v2\/users\/1"}],"replies":[{"embeddable":true,"href":"https:\/\/lavalldecolonya.com\/es\/wp-json\/wp\/v2\/comments?post=23300"}],"version-history":[{"count":10,"href":"https:\/\/lavalldecolonya.com\/es\/wp-json\/wp\/v2\/pages\/23300\/revisions"}],"predecessor-version":[{"id":24067,"href":"https:\/\/lavalldecolonya.com\/es\/wp-json\/wp\/v2\/pages\/23300\/revisions\/24067"}],"wp:attachment":[{"href":"https:\/\/lavalldecolonya.com\/es\/wp-json\/wp\/v2\/media?parent=23300"}],"wp:term":[{"taxonomy":"dipi_cpt_category","embeddable":true,"href":"https:\/\/lavalldecolonya.com\/es\/wp-json\/wp\/v2\/dipi_cpt_category?post=23300"}],"curies":[{"name":"wp","href":"https:\/\/api.w.org\/{rel}","templated":true}]}}